{"id":215,"date":"2019-11-21T11:22:05","date_gmt":"2019-11-21T10:22:05","guid":{"rendered":"http:\/\/www.aptec.international.uvirt90.active24.cz\/?page_id=215"},"modified":"2026-03-26T09:03:10","modified_gmt":"2026-03-26T08:03:10","slug":"datenschutz","status":"publish","type":"page","link":"https:\/\/aptec.international\/de\/ochrana-osobnich-udaju\/","title":{"rendered":"Datenschutz"},"content":{"rendered":"<div data-elementor-type=\"wp-page\" data-elementor-id=\"215\" class=\"elementor elementor-215\">\n\t\t\t\t<section class=\"elementor-element elementor-element-a73804b e-flex e-con-boxed e-con e-parent\" data-id=\"a73804b\" data-element_type=\"container\" data-e-type=\"container\">\n\t\t\t\t\t<div class=\"e-con-inner\">\n\t\t<div class=\"elementor-element elementor-element-d341293 e-con-full e-flex e-con e-child\" data-id=\"d341293\" data-element_type=\"container\" data-e-type=\"container\">\n\t\t\t\t<div class=\"elementor-element elementor-element-7f1a152 elementor-widget__width-inherit elementor-widget elementor-widget-heading\" data-id=\"7f1a152\" data-element_type=\"widget\" data-e-type=\"widget\" data-widget_type=\"heading.default\">\n\t\t\t\t\t<h1 class=\"elementor-heading-title elementor-size-default\">Informationen zur Verarbeitung personenbezogener Daten<\/h1>\t\t\t\t<\/div>\n\t\t\t\t<div class=\"elementor-element elementor-element-a0d2de3 elementor-widget-mobile__width-inherit elementor-widget elementor-widget-toggle\" data-id=\"a0d2de3\" data-element_type=\"widget\" data-e-type=\"widget\" data-widget_type=\"toggle.default\">\n\t\t\t\t\t\t\t<div class=\"elementor-toggle\">\n\t\t\t\t\t\t\t<div class=\"elementor-toggle-item\">\n\t\t\t\t\t<h2 id=\"elementor-tab-title-1681\" class=\"elementor-tab-title\" data-tab=\"1\" role=\"button\" aria-controls=\"elementor-tab-content-1681\" aria-expanded=\"false\">\n\t\t\t\t\t\t\t\t\t\t\t\t<span class=\"elementor-toggle-icon elementor-toggle-icon-right\" aria-hidden=\"true\">\n\t\t\t\t\t\t\t\t\t\t\t\t\t\t\t<span class=\"elementor-toggle-icon-closed\"><svg class=\"e-font-icon-svg e-fas-arrow-right\" viewbox=\"0 0 448 512\" xmlns=\"http:\/\/www.w3.org\/2000\/svg\"><path d=\"M190.5 66.9l22.2-22.2c9.4-9.4 24.6-9.4 33.9 0L441 239c9.4 9.4 9.4 24.6 0 33.9L246.6 467.3c-9.4 9.4-24.6 9.4-33.9 0l-22.2-22.2c-9.5-9.5-9.3-25 .4-34.3L311.4 296H24c-13.3 0-24-10.7-24-24v-32c0-13.3 10.7-24 24-24h287.4L190.9 101.2c-9.8-9.3-10-24.8-.4-34.3z\"><\/path><\/svg><\/span>\n\t\t\t\t\t\t\t\t<span class=\"elementor-toggle-icon-opened\"><svg class=\"elementor-toggle-icon-opened e-font-icon-svg e-fas-chevron-up\" viewbox=\"0 0 448 512\" xmlns=\"http:\/\/www.w3.org\/2000\/svg\"><path d=\"M240.971 130.524l194.343 194.343c9.373 9.373 9.373 24.569 0 33.941l-22.667 22.667c-9.357 9.357-24.522 9.375-33.901.04L224 227.495 69.255 381.516c-9.379 9.335-24.544 9.317-33.901-.04l-22.667-22.667c-9.373-9.373-9.373-24.569 0-33.941L207.03 130.525c9.372-9.373 24.568-9.373 33.941-.001z\"><\/path><\/svg><\/span>\n\t\t\t\t\t\t\t\t\t\t\t\t\t<\/span>\n\t\t\t\t\t\t\t\t\t\t\t\t<a class=\"elementor-toggle-title\" tabindex=\"0\">1. Verantwortlicher<\/a>\n\t\t\t\t\t<\/h2>\n\n\t\t\t\t\t<div id=\"elementor-tab-content-1681\" class=\"elementor-tab-content elementor-clearfix\" data-tab=\"1\" role=\"region\" aria-labelledby=\"elementor-tab-title-1681\"><p>Der Verantwortliche informiert Sie mit diesem Dokument \u00fcber die Grunds\u00e4tze und Verfahren bei der Verarbeitung Ihrer personenbezogenen Daten sowie \u00fcber Ihre damit zusammenh\u00e4ngenden Rechte \u2014 in \u00dcbereinstimmung mit dem Gesetz Nr. 110\/2019 Slg. \u00fcber die Verarbeitung personenbezogener Daten in der jeweils g\u00fcltigen Fassung (\u201eZZO\u00da\u201c) und der Verordnung (EU) 2016\/679 des Europ\u00e4ischen Parlaments und des Rates vom 27. April 2016 zum Schutz nat\u00fcrlicher Personen bei der Verarbeitung personenbezogener Daten und zum freien Datenverkehr sowie zur Aufhebung der Richtlinie 95\/46\/EG (Datenschutz-Grundverordnung, \u201eDSGVO\u201c). Verantwortlicher ist:<\/p><p><strong>Aptec production s.r.o.<\/strong><br \/>Sitz: Hodonice 425, 671 25 Hodonice, Tschechische Republik<br \/>Id. Nr. : 07022379<br \/>Ust.Nr.: CZ07022379<br \/>E-mail: <a href=\"mailto:info@aptec.international\">info@aptec.international<\/a><br \/>Telefon: <a href=\"tel:+420778080012\">+420 778 080 012<\/a><br \/>Web: <a href=\"https:\/\/aptec.international\/de\/\">www.aptec.international<\/a><br \/>(im Folgenden der \u201eVerantwortliche\u201c)<\/p><p>Die hier aufgef\u00fchrten Informationen haben lediglich allgemeinen Charakter. Sie sind kein verbindlicher Bestandteil eines Vertrages und k\u00f6nnen im Rahmen unserer Kommunikation pr\u00e4zisiert oder um Details zur konkreten Art der Verarbeitung personenbezogener Daten erg\u00e4nzt werden. Bei Fragen k\u00f6nnen Sie uns unter unserer Telefonnummer <a href=\"tel:+420778080012\">+420 778 080 012<\/a> oder per E-Mail unte <a href=\"mailto:info@aptec.international\">info@aptec.international<\/a>.<\/p><\/div>\n\t\t\t\t<\/div>\n\t\t\t\t\t\t\t<div class=\"elementor-toggle-item\">\n\t\t\t\t\t<h2 id=\"elementor-tab-title-1682\" class=\"elementor-tab-title\" data-tab=\"2\" role=\"button\" aria-controls=\"elementor-tab-content-1682\" aria-expanded=\"false\">\n\t\t\t\t\t\t\t\t\t\t\t\t<span class=\"elementor-toggle-icon elementor-toggle-icon-right\" aria-hidden=\"true\">\n\t\t\t\t\t\t\t\t\t\t\t\t\t\t\t<span class=\"elementor-toggle-icon-closed\"><svg class=\"e-font-icon-svg e-fas-arrow-right\" viewbox=\"0 0 448 512\" xmlns=\"http:\/\/www.w3.org\/2000\/svg\"><path d=\"M190.5 66.9l22.2-22.2c9.4-9.4 24.6-9.4 33.9 0L441 239c9.4 9.4 9.4 24.6 0 33.9L246.6 467.3c-9.4 9.4-24.6 9.4-33.9 0l-22.2-22.2c-9.5-9.5-9.3-25 .4-34.3L311.4 296H24c-13.3 0-24-10.7-24-24v-32c0-13.3 10.7-24 24-24h287.4L190.9 101.2c-9.8-9.3-10-24.8-.4-34.3z\"><\/path><\/svg><\/span>\n\t\t\t\t\t\t\t\t<span class=\"elementor-toggle-icon-opened\"><svg class=\"elementor-toggle-icon-opened e-font-icon-svg e-fas-chevron-up\" viewbox=\"0 0 448 512\" xmlns=\"http:\/\/www.w3.org\/2000\/svg\"><path d=\"M240.971 130.524l194.343 194.343c9.373 9.373 9.373 24.569 0 33.941l-22.667 22.667c-9.357 9.357-24.522 9.375-33.901.04L224 227.495 69.255 381.516c-9.379 9.335-24.544 9.317-33.901-.04l-22.667-22.667c-9.373-9.373-9.373-24.569 0-33.941L207.03 130.525c9.372-9.373 24.568-9.373 33.941-.001z\"><\/path><\/svg><\/span>\n\t\t\t\t\t\t\t\t\t\t\t\t\t<\/span>\n\t\t\t\t\t\t\t\t\t\t\t\t<a class=\"elementor-toggle-title\" tabindex=\"0\">2. Quellen und Umfang der Erhebung personenbezogener Daten<\/a>\n\t\t\t\t\t<\/h2>\n\n\t\t\t\t\t<div id=\"elementor-tab-content-1682\" class=\"elementor-tab-content elementor-clearfix\" data-tab=\"2\" role=\"region\" aria-labelledby=\"elementor-tab-title-1682\"><p>Der Verantwortliche verarbeitet personenbezogene Daten, die Sie ihm im Zusammenhang mit:<\/p><ul><li>dem Absenden einer Anfrage \u00fcber das Kontaktformular;<\/li><li>dem Versenden einer E-Mail oder einer telefonischen Kontaktaufnahme;<\/li><li>dem Abschluss und der Erf\u00fcllung eines Vertrages;<\/li><li>der Erf\u00fcllung gesetzlicher Pflichten;<\/li><li>dem Schutz berechtigter Interessen des Verantwortlichen;<\/li><li>der Analyse der Webseitennutzung (Cookies).<\/li><\/ul><p>Wir verarbeiten folgende Kategorien personenbezogener Daten:<\/p><ul><li>Identifikationsdaten: Informationen, die es uns erm\u00f6glichen, Ihre Identit\u00e4t eindeutig festzustellen (z. B. Vorname, Nachname, Firmenname, Sitz- bzw. Wohnadresse, Identifikationsnummer usw.);<\/li><li>Kontaktdaten: Daten, die es uns erm\u00f6glichen, Sie zu kontaktieren (z. B. E-Mail-Adresse, Telefonnummer, Postanschrift);<\/li><li>Kommunikationsdaten: Inhalte und Aufzeichnungen unserer gegenseitigen Kommunikation \u2013 zum Beispiel E-Mails, Telefonate oder Nachrichten aus Kontaktformularen \u2013 einschlie\u00dflich Informationen \u00fcber die erbrachten Dienstleistungen;<\/li><li>Cookies und \u00e4hnliche Technologien: Wir verwenden sie zur Erfassung des Website-Traffics, zur Analyse des Nutzerverhaltens und zur Erstellung statistischer \u00dcbersichten \u00fcber die Nutzung unserer Website.<\/li><\/ul><p>Die Aptec production s.r.o. setzt Kamerasysteme zum Schutz von Personen und Eigentum sowie zur Gew\u00e4hrleistung eines sicheren Betriebs ein. Die Kameras sind in R\u00e4umlichkeiten und an Objekten installiert, die das Unternehmen besitzt oder verwaltet. Die Aufzeichnungen der Kameras werden nur f\u00fcr die unbedingt erforderliche Dauer aufbewahrt und k\u00f6nnen in begr\u00fcndeten F\u00e4llen den zust\u00e4ndigen Beh\u00f6rden oder Strafverfolgungsorganen \u00fcbermittelt werden \u2013 stets im Einklang mit den geltenden Datenschutzvorschriften.<\/p><\/div>\n\t\t\t\t<\/div>\n\t\t\t\t\t\t\t<div class=\"elementor-toggle-item\">\n\t\t\t\t\t<h2 id=\"elementor-tab-title-1683\" class=\"elementor-tab-title\" data-tab=\"3\" role=\"button\" aria-controls=\"elementor-tab-content-1683\" aria-expanded=\"false\">\n\t\t\t\t\t\t\t\t\t\t\t\t<span class=\"elementor-toggle-icon elementor-toggle-icon-right\" aria-hidden=\"true\">\n\t\t\t\t\t\t\t\t\t\t\t\t\t\t\t<span class=\"elementor-toggle-icon-closed\"><svg class=\"e-font-icon-svg e-fas-arrow-right\" viewbox=\"0 0 448 512\" xmlns=\"http:\/\/www.w3.org\/2000\/svg\"><path d=\"M190.5 66.9l22.2-22.2c9.4-9.4 24.6-9.4 33.9 0L441 239c9.4 9.4 9.4 24.6 0 33.9L246.6 467.3c-9.4 9.4-24.6 9.4-33.9 0l-22.2-22.2c-9.5-9.5-9.3-25 .4-34.3L311.4 296H24c-13.3 0-24-10.7-24-24v-32c0-13.3 10.7-24 24-24h287.4L190.9 101.2c-9.8-9.3-10-24.8-.4-34.3z\"><\/path><\/svg><\/span>\n\t\t\t\t\t\t\t\t<span class=\"elementor-toggle-icon-opened\"><svg class=\"elementor-toggle-icon-opened e-font-icon-svg e-fas-chevron-up\" viewbox=\"0 0 448 512\" xmlns=\"http:\/\/www.w3.org\/2000\/svg\"><path d=\"M240.971 130.524l194.343 194.343c9.373 9.373 9.373 24.569 0 33.941l-22.667 22.667c-9.357 9.357-24.522 9.375-33.901.04L224 227.495 69.255 381.516c-9.379 9.335-24.544 9.317-33.901-.04l-22.667-22.667c-9.373-9.373-9.373-24.569 0-33.941L207.03 130.525c9.372-9.373 24.568-9.373 33.941-.001z\"><\/path><\/svg><\/span>\n\t\t\t\t\t\t\t\t\t\t\t\t\t<\/span>\n\t\t\t\t\t\t\t\t\t\t\t\t<a class=\"elementor-toggle-title\" tabindex=\"0\">3. Zwecke und Rechtsgrundlagen der Verarbeitung personenbezogener Daten<\/a>\n\t\t\t\t\t<\/h2>\n\n\t\t\t\t\t<div id=\"elementor-tab-content-1683\" class=\"elementor-tab-content elementor-clearfix\" data-tab=\"3\" role=\"region\" aria-labelledby=\"elementor-tab-title-1683\"><p>Der Verantwortliche verarbeitet personenbezogene Daten nur in dem Umfang, der zur Erf\u00fcllung konkreter, legitimer und gesetzlicher Zwecke erforderlich ist und den Anforderungen der Datenschutz-Grundverordnung (DSGVO) entspricht. Jede Verarbeitung personenbezogener Daten beruht stets auf einer einschl\u00e4gigen Rechtsgrundlage gem\u00e4\u00df Art. 6 Abs. 1 DSGVO.<\/p><p>Wir verarbeiten personenbezogene Daten insbesondere zu folgenden Zwecken:<\/p><ul><li>Abschluss und Erf\u00fcllung von Vertragsverh\u00e4ltnissen;<\/li><li>Personenbezogene Daten von Kunden, Lieferanten und Gesch\u00e4ftspartnern werden zum Zweck des Vertragsschlusses, der Durchf\u00fchrung und der anschlie\u00dfenden Vertragserf\u00fcllung verarbeitet \u2013 einschlie\u00dflich der Sicherstellung der Produktion, der Lieferung von Produkten, des Service von W\u00e4rmetauschern, des Warentransports und der Rechnungsstellung;<\/li><li>Kommunikation mit Kunden und Gesch\u00e4ftspartnern;<\/li><li>zum Zweck der Bereitstellung von Informationen \u00fcber Produkte und Dienstleistungen, der Bearbeitung von Anfragen, technischen R\u00fcckfragen, Reklamationen und Serviceanforderungen, einschlie\u00dflich der Durchf\u00fchrung von Folge-Services bzw. Garantierreparaturen;<\/li><li>Erf\u00fcllung gesetzlicher Pflichten;<\/li><li>Personenbezogene Daten werden in dem erforderlichen Umfang verarbeitet, um Pflichten aus Rechtsvorschriften zu erf\u00fcllen \u2013 insbesondere in den Bereichen steuerlicher Aufzeichnung, Buchf\u00fchrung, Arbeitsverh\u00e4ltnisse, Arbeitssicherheit sowie Pflichten gegen\u00fcber Beh\u00f6rden;<\/li><li>Wahrung berechtigter Interessen des Verantwortlichen;<\/li><li>Personenbezogene Daten k\u00f6nnen zudem zum Schutz der Rechte und berechtigten Interessen der Aptec production s.r.o. verarbeitet werden \u2013 etwa zur Gew\u00e4hrleistung der Sicherheit von Personen, Eigentum und Informationssystemen, zur Verwaltung interner Dokumentation, zur Geltendmachung bzw. Verteidigung rechtlicher Anspr\u00fcche oder f\u00fcr Direktmarketing gegen\u00fcber bestehenden Kunden;<\/li><li>Versand von Marketingkommunikation, gesch\u00e4ftlichen Mitteilungen, Newslettern sowie Informationen \u00fcber neue Produkte, technische Neuerungen oder Unternehmensaktionen;<\/li><li>Personal und Bewerbungsagenda: Im Rahmen von Auswahlverfahren speichern und verarbeiten wir personenbezogene Daten von Bewerberinnen und Bewerbern ausschlie\u00dflich zum Zweck, deren Qualifikation, Erfahrung und Eignung f\u00fcr die jeweilige Position zu beurteilen.<\/li><\/ul><\/div>\n\t\t\t\t<\/div>\n\t\t\t\t\t\t\t<div class=\"elementor-toggle-item\">\n\t\t\t\t\t<h2 id=\"elementor-tab-title-1684\" class=\"elementor-tab-title\" data-tab=\"4\" role=\"button\" aria-controls=\"elementor-tab-content-1684\" aria-expanded=\"false\">\n\t\t\t\t\t\t\t\t\t\t\t\t<span class=\"elementor-toggle-icon elementor-toggle-icon-right\" aria-hidden=\"true\">\n\t\t\t\t\t\t\t\t\t\t\t\t\t\t\t<span class=\"elementor-toggle-icon-closed\"><svg class=\"e-font-icon-svg e-fas-arrow-right\" viewbox=\"0 0 448 512\" xmlns=\"http:\/\/www.w3.org\/2000\/svg\"><path d=\"M190.5 66.9l22.2-22.2c9.4-9.4 24.6-9.4 33.9 0L441 239c9.4 9.4 9.4 24.6 0 33.9L246.6 467.3c-9.4 9.4-24.6 9.4-33.9 0l-22.2-22.2c-9.5-9.5-9.3-25 .4-34.3L311.4 296H24c-13.3 0-24-10.7-24-24v-32c0-13.3 10.7-24 24-24h287.4L190.9 101.2c-9.8-9.3-10-24.8-.4-34.3z\"><\/path><\/svg><\/span>\n\t\t\t\t\t\t\t\t<span class=\"elementor-toggle-icon-opened\"><svg class=\"elementor-toggle-icon-opened e-font-icon-svg e-fas-chevron-up\" viewbox=\"0 0 448 512\" xmlns=\"http:\/\/www.w3.org\/2000\/svg\"><path d=\"M240.971 130.524l194.343 194.343c9.373 9.373 9.373 24.569 0 33.941l-22.667 22.667c-9.357 9.357-24.522 9.375-33.901.04L224 227.495 69.255 381.516c-9.379 9.335-24.544 9.317-33.901-.04l-22.667-22.667c-9.373-9.373-9.373-24.569 0-33.941L207.03 130.525c9.372-9.373 24.568-9.373 33.941-.001z\"><\/path><\/svg><\/span>\n\t\t\t\t\t\t\t\t\t\t\t\t\t<\/span>\n\t\t\t\t\t\t\t\t\t\t\t\t<a class=\"elementor-toggle-title\" tabindex=\"0\">4. Speicherdauer der personenbezogenen Daten<\/a>\n\t\t\t\t\t<\/h2>\n\n\t\t\t\t\t<div id=\"elementor-tab-content-1684\" class=\"elementor-tab-content elementor-clearfix\" data-tab=\"4\" role=\"region\" aria-labelledby=\"elementor-tab-title-1684\"><p>Wir bewahren personenbezogene Daten nur f\u00fcr die unbedingt erforderliche Dauer auf:<\/p><ul><li>Formulardaten: 12 Monate ab Absendung bzw. bis zum Widerruf der Einwilligung.<\/li><li>Vertragsdaten: f\u00fcr die Dauer des Vertrags und der gesetzlichen Fristen;<\/li><li>Buchhaltungs und Steuerunterlagen: gem\u00e4\u00df gesetzlicher Aufbewahrungspflicht (in der Regel 10 Jahre);<\/li><li>Technische Daten und Cookies: gem\u00e4\u00df den Browser-Einstellungen, h\u00f6chstens 13 Monate.<\/li><\/ul><p>Wenn eine Einwilligung in die Verarbeitung personenbezogener Daten erteilt wurde, werden diese Daten f\u00fcr die Dauer der erteilten Einwilligung verarbeitet. Die Einwilligung kann jederzeit widerrufen werden. Der Widerruf hat jedoch keinen Einfluss auf die Verarbeitung personenbezogener Daten, die vor dem Widerruf erfolgt ist, und der Verantwortliche ist berechtigt, ausgew\u00e4hlte personenbezogene Daten weiterhin aufzubewahren, sofern dies gesetzlich vorgeschrieben ist oder die Aufbewahrung zur Wahrung berechtigter Interessen des Verantwortlichen erforderlich ist.<\/p><\/div>\n\t\t\t\t<\/div>\n\t\t\t\t\t\t\t<div class=\"elementor-toggle-item\">\n\t\t\t\t\t<h2 id=\"elementor-tab-title-1685\" class=\"elementor-tab-title\" data-tab=\"5\" role=\"button\" aria-controls=\"elementor-tab-content-1685\" aria-expanded=\"false\">\n\t\t\t\t\t\t\t\t\t\t\t\t<span class=\"elementor-toggle-icon elementor-toggle-icon-right\" aria-hidden=\"true\">\n\t\t\t\t\t\t\t\t\t\t\t\t\t\t\t<span class=\"elementor-toggle-icon-closed\"><svg class=\"e-font-icon-svg e-fas-arrow-right\" viewbox=\"0 0 448 512\" xmlns=\"http:\/\/www.w3.org\/2000\/svg\"><path d=\"M190.5 66.9l22.2-22.2c9.4-9.4 24.6-9.4 33.9 0L441 239c9.4 9.4 9.4 24.6 0 33.9L246.6 467.3c-9.4 9.4-24.6 9.4-33.9 0l-22.2-22.2c-9.5-9.5-9.3-25 .4-34.3L311.4 296H24c-13.3 0-24-10.7-24-24v-32c0-13.3 10.7-24 24-24h287.4L190.9 101.2c-9.8-9.3-10-24.8-.4-34.3z\"><\/path><\/svg><\/span>\n\t\t\t\t\t\t\t\t<span class=\"elementor-toggle-icon-opened\"><svg class=\"elementor-toggle-icon-opened e-font-icon-svg e-fas-chevron-up\" viewbox=\"0 0 448 512\" xmlns=\"http:\/\/www.w3.org\/2000\/svg\"><path d=\"M240.971 130.524l194.343 194.343c9.373 9.373 9.373 24.569 0 33.941l-22.667 22.667c-9.357 9.357-24.522 9.375-33.901.04L224 227.495 69.255 381.516c-9.379 9.335-24.544 9.317-33.901-.04l-22.667-22.667c-9.373-9.373-9.373-24.569 0-33.941L207.03 130.525c9.372-9.373 24.568-9.373 33.941-.001z\"><\/path><\/svg><\/span>\n\t\t\t\t\t\t\t\t\t\t\t\t\t<\/span>\n\t\t\t\t\t\t\t\t\t\t\t\t<a class=\"elementor-toggle-title\" tabindex=\"0\">5. Cookies und Tracking-Tools<\/a>\n\t\t\t\t\t<\/h2>\n\n\t\t\t\t\t<div id=\"elementor-tab-content-1685\" class=\"elementor-tab-content elementor-clearfix\" data-tab=\"5\" role=\"region\" aria-labelledby=\"elementor-tab-title-1685\"><p>Die Website verwendet Cookies, die das ordnungsgem\u00e4\u00dfe Funktionieren sicherstellen, den Traffic analysieren und die Nutzererfahrung verbessern. Wir verwenden folgende Arten von Cookies:<\/p><ul><li>Notwendige Cookies: f\u00fcr die grundlegenden Funktionen der Website erforderlich; ohne sie kann die Seite nicht korrekt funktionieren;<\/li><li>Analyse Cookies: Sie helfen uns, den Traffic und das Nutzerverhalten zu verfolgen (z. B. mit Google Analytics);<\/li><li>Marketing Cookies: Sie dienen der Personalisierung von Inhalten und Werbung.<\/li><\/ul><p>Bei Ihrem ersten Besuch unserer Website bitten wir Sie um Ihre Einwilligung zur Verwendung optionaler Cookies. Diese Einwilligung k\u00f6nnen Sie jederzeit in den Cookie Einstellungen Ihres Browsers \u00e4ndern oder widerrufen. Je nachdem, ob und in welchem Umfang Sie Ihre Einwilligung erteilen, k\u00f6nnen wir Cookies gegebenenfalls zur Personalisierung von Inhalten und Werbung, zur Bereitstellung von Funktionen f\u00fcr soziale Medien sowie zur Analyse der Besucherzahlen auf unserer Website einsetzen.\u00a0<\/p><\/div>\n\t\t\t\t<\/div>\n\t\t\t\t\t\t\t<div class=\"elementor-toggle-item\">\n\t\t\t\t\t<h2 id=\"elementor-tab-title-1686\" class=\"elementor-tab-title\" data-tab=\"6\" role=\"button\" aria-controls=\"elementor-tab-content-1686\" aria-expanded=\"false\">\n\t\t\t\t\t\t\t\t\t\t\t\t<span class=\"elementor-toggle-icon elementor-toggle-icon-right\" aria-hidden=\"true\">\n\t\t\t\t\t\t\t\t\t\t\t\t\t\t\t<span class=\"elementor-toggle-icon-closed\"><svg class=\"e-font-icon-svg e-fas-arrow-right\" viewbox=\"0 0 448 512\" xmlns=\"http:\/\/www.w3.org\/2000\/svg\"><path d=\"M190.5 66.9l22.2-22.2c9.4-9.4 24.6-9.4 33.9 0L441 239c9.4 9.4 9.4 24.6 0 33.9L246.6 467.3c-9.4 9.4-24.6 9.4-33.9 0l-22.2-22.2c-9.5-9.5-9.3-25 .4-34.3L311.4 296H24c-13.3 0-24-10.7-24-24v-32c0-13.3 10.7-24 24-24h287.4L190.9 101.2c-9.8-9.3-10-24.8-.4-34.3z\"><\/path><\/svg><\/span>\n\t\t\t\t\t\t\t\t<span class=\"elementor-toggle-icon-opened\"><svg class=\"elementor-toggle-icon-opened e-font-icon-svg e-fas-chevron-up\" viewbox=\"0 0 448 512\" xmlns=\"http:\/\/www.w3.org\/2000\/svg\"><path d=\"M240.971 130.524l194.343 194.343c9.373 9.373 9.373 24.569 0 33.941l-22.667 22.667c-9.357 9.357-24.522 9.375-33.901.04L224 227.495 69.255 381.516c-9.379 9.335-24.544 9.317-33.901-.04l-22.667-22.667c-9.373-9.373-9.373-24.569 0-33.941L207.03 130.525c9.372-9.373 24.568-9.373 33.941-.001z\"><\/path><\/svg><\/span>\n\t\t\t\t\t\t\t\t\t\t\t\t\t<\/span>\n\t\t\t\t\t\t\t\t\t\t\t\t<a class=\"elementor-toggle-title\" tabindex=\"0\">6. Weitergabe von Daten an Dritte und in Drittl\u00e4nder<\/a>\n\t\t\t\t\t<\/h2>\n\n\t\t\t\t\t<div id=\"elementor-tab-content-1686\" class=\"elementor-tab-content elementor-clearfix\" data-tab=\"6\" role=\"region\" aria-labelledby=\"elementor-tab-title-1686\"><p>Ihre personenbezogenen Daten werden ohne Ihr Wissen und Ihre Einwilligung nicht an Dritte weitergegeben mit Ausnahme von Stellen, die f\u00fcr uns Leistungen erbringen, die f\u00fcr den ordnungsgem\u00e4\u00dfen Betrieb unseres Unternehmens oder zur Erf\u00fcllung unserer gesetzlichen Pflichten erforderlich sind. Konkret kann es sich handeln um:<\/p><ul><li>IT Dienstleister (vertragliche IT-Serviceanbieter, Webhosting, Systemverwaltung, E-Mail-Server);<\/li><li>Buchhaltungs und Rechtsberater, sofern dies zur Erf\u00fcllung gesetzlicher Pflichten erforderlich ist;<\/li><li>Beh\u00f6rden und \u00f6ffentliche Stellen, sofern wir hierzu gesetzlich verpflichtet sind.<\/li><\/ul><p>Alle Dritten, denen personenbezogene Daten zug\u00e4nglich gemacht werden, sind vertraglich zur Vertraulichkeit verpflichtet und zur Einhaltung der Datenschutzbestimmungen gem\u00e4\u00df Verordnung (EU) 2016\/679 (DSGVO).<\/p><p>Wir \u00fcbermitteln personenbezogene Daten nicht au\u00dferhalb der Europ\u00e4ischen Union oder des Europ\u00e4ischen Wirtschaftsraums, es sei denn, dies ist erforderlich und es ist ein angemessenes Schutzniveau gem\u00e4\u00df Art. 45 ff. DSGVO gew\u00e4hrleistet. Beim Einsatz analytischer oder marketingbezogener Tools von Google (z. B. Google Analytics) sind diese Dienste so konfiguriert, dass der Umfang der verarbeiteten personenbezogenen Daten minimiert wird; etwaige \u00dcbermittlungen au\u00dferhalb der EU erfolgen ausschlie\u00dflich auf Grundlage der von der Europ\u00e4ischen Kommission verabschiedeten Standardvertragsklauseln.<\/p><\/div>\n\t\t\t\t<\/div>\n\t\t\t\t\t\t\t<div class=\"elementor-toggle-item\">\n\t\t\t\t\t<h2 id=\"elementor-tab-title-1687\" class=\"elementor-tab-title\" data-tab=\"7\" role=\"button\" aria-controls=\"elementor-tab-content-1687\" aria-expanded=\"false\">\n\t\t\t\t\t\t\t\t\t\t\t\t<span class=\"elementor-toggle-icon elementor-toggle-icon-right\" aria-hidden=\"true\">\n\t\t\t\t\t\t\t\t\t\t\t\t\t\t\t<span class=\"elementor-toggle-icon-closed\"><svg class=\"e-font-icon-svg e-fas-arrow-right\" viewbox=\"0 0 448 512\" xmlns=\"http:\/\/www.w3.org\/2000\/svg\"><path d=\"M190.5 66.9l22.2-22.2c9.4-9.4 24.6-9.4 33.9 0L441 239c9.4 9.4 9.4 24.6 0 33.9L246.6 467.3c-9.4 9.4-24.6 9.4-33.9 0l-22.2-22.2c-9.5-9.5-9.3-25 .4-34.3L311.4 296H24c-13.3 0-24-10.7-24-24v-32c0-13.3 10.7-24 24-24h287.4L190.9 101.2c-9.8-9.3-10-24.8-.4-34.3z\"><\/path><\/svg><\/span>\n\t\t\t\t\t\t\t\t<span class=\"elementor-toggle-icon-opened\"><svg class=\"elementor-toggle-icon-opened e-font-icon-svg e-fas-chevron-up\" viewbox=\"0 0 448 512\" xmlns=\"http:\/\/www.w3.org\/2000\/svg\"><path d=\"M240.971 130.524l194.343 194.343c9.373 9.373 9.373 24.569 0 33.941l-22.667 22.667c-9.357 9.357-24.522 9.375-33.901.04L224 227.495 69.255 381.516c-9.379 9.335-24.544 9.317-33.901-.04l-22.667-22.667c-9.373-9.373-9.373-24.569 0-33.941L207.03 130.525c9.372-9.373 24.568-9.373 33.941-.001z\"><\/path><\/svg><\/span>\n\t\t\t\t\t\t\t\t\t\t\t\t\t<\/span>\n\t\t\t\t\t\t\t\t\t\t\t\t<a class=\"elementor-toggle-title\" tabindex=\"0\">7. Ihre Rechte zum Schutz personenbezogener Daten<\/a>\n\t\t\t\t\t<\/h2>\n\n\t\t\t\t\t<div id=\"elementor-tab-content-1687\" class=\"elementor-tab-content elementor-clearfix\" data-tab=\"7\" role=\"region\" aria-labelledby=\"elementor-tab-title-1687\"><p>Als Verantwortlicher sind wir daf\u00fcr verantwortlich, dass jede Verarbeitung Ihrer Daten ordnungsgem\u00e4\u00df, sicher und in \u00dcbereinstimmung mit den gesetzlichen Vorschriften erfolgt.<br \/>Zugleich gew\u00e4hrleisten wir Ihnen die M\u00f6glichkeit, s\u00e4mtliche Rechte geltend zu machen, die Ihnen aus der Verordnung (EU) 2016\/679 (DSGVO) und dem Gesetz Nr. 110\/2019 Slg. zustehen.<\/p><p>Wenn Sie eines dieser Rechte aus\u00fcben m\u00f6chten, k\u00f6nnen Sie uns per E-Mail, telefonisch oder schriftlich unter den zu Beginn dieser Hinweise genannten Kontaktdaten erreichen.<br \/>Wir pr\u00fcfen Ihren Antrag stets ohne unn\u00f6tige Verz\u00f6gerung, sp\u00e4testens jedoch innerhalb von 30 Tagen nach seinem Eingang. Sie haben insbesondere die folgenden Rechte:<\/p><ul><li>Recht zu erfahren, welche Daten wir \u00fcber Sie verarbeiten: Sie k\u00f6nnen jederzeit eine \u00dcbersicht anfordern, welche Ihrer personenbezogenen Daten wir speichern, aus welchem Grund und wie wir sie verarbeiten.<\/li><li>Recht auf Auskunft \u00fcber personenbezogene Daten: Sie haben das Recht, eine Kopie aller personenbezogenen Daten zu erhalten, die wir \u00fcber Sie verarbeiten.<\/li><li>Recht auf Berichtigung oder Erg\u00e4nzung von Daten: Sind bestimmte Angaben ungenau oder veraltet, k\u00f6nnen Sie deren Berichtigung bzw. Aktualisierung verlangen.<\/li><li>Recht auf L\u00f6schung (\u201eRecht auf Vergessenwerden\u201c) und Recht auf Einschr\u00e4nkung der Verarbeitung: In bestimmten F\u00e4llen k\u00f6nnen Sie verlangen, dass wir Ihre Daten l\u00f6schen oder die Verarbeitung vor\u00fcbergehend einschr\u00e4nken etwa dann, wenn sie f\u00fcr den jeweiligen Zweck nicht mehr erforderlich sind.<\/li><li>Recht auf Daten\u00fcbertragbarkeit: Haben Sie uns Daten auf Grundlage eines Vertrages oder einer Einwilligung bereitgestellt, k\u00f6nnen Sie verlangen, dass wir diese in einem elektronischen Format Ihnen oder einem anderen Verantwortlichen \u00fcbermitteln.<\/li><li>Recht auf Widerspruch: Verarbeiten wir Ihre Daten aufgrund unseres berechtigten Interesses (z. B. Webanalyse, Marketing), haben Sie das Recht, dieser Verarbeitung zu widersprechen.<\/li><li>Sie k\u00f6nnen Ihren Widerspruch elektronisch oder per Post einreichen. Wir pr\u00fcfen ihn unverz\u00fcglich, sp\u00e4testens innerhalb von 30 Tagen nach Eingang.<\/li><li>Recht auf Widerruf der Einwilligung: Beruht die Verarbeitung auf Ihrer Einwilligung, k\u00f6nnen Sie diese jederzeit widerrufen, ohne dass die bis zum Widerruf erfolgte Verarbeitung ber\u00fchrt wird.<\/li><\/ul><p>Wenn Sie der Ansicht sind, dass wir mit Ihren personenbezogenen Daten gesetzeswidrig umgehen, k\u00f6nnen Sie sich jederzeit an die Aufsichtsbeh\u00f6rde wenden \u00da\u0159ad pro ochranu osobn\u00edch \u00fadaj\u016f.<a href=\"https:\/\/uoou.gov.cz\/\" target=\"_blank\" rel=\"noopener\">www.uoou.gov.cz<\/a><a style=\"background-color: #ffffff;\" target=\"_new\" rel=\"noopener\" data-start=\"2839\" data-end=\"2853\">).<\/a><\/p><\/div>\n\t\t\t\t<\/div>\n\t\t\t\t\t\t\t<div class=\"elementor-toggle-item\">\n\t\t\t\t\t<h2 id=\"elementor-tab-title-1688\" class=\"elementor-tab-title\" data-tab=\"8\" role=\"button\" aria-controls=\"elementor-tab-content-1688\" aria-expanded=\"false\">\n\t\t\t\t\t\t\t\t\t\t\t\t<span class=\"elementor-toggle-icon elementor-toggle-icon-right\" aria-hidden=\"true\">\n\t\t\t\t\t\t\t\t\t\t\t\t\t\t\t<span class=\"elementor-toggle-icon-closed\"><svg class=\"e-font-icon-svg e-fas-arrow-right\" viewbox=\"0 0 448 512\" xmlns=\"http:\/\/www.w3.org\/2000\/svg\"><path d=\"M190.5 66.9l22.2-22.2c9.4-9.4 24.6-9.4 33.9 0L441 239c9.4 9.4 9.4 24.6 0 33.9L246.6 467.3c-9.4 9.4-24.6 9.4-33.9 0l-22.2-22.2c-9.5-9.5-9.3-25 .4-34.3L311.4 296H24c-13.3 0-24-10.7-24-24v-32c0-13.3 10.7-24 24-24h287.4L190.9 101.2c-9.8-9.3-10-24.8-.4-34.3z\"><\/path><\/svg><\/span>\n\t\t\t\t\t\t\t\t<span class=\"elementor-toggle-icon-opened\"><svg class=\"elementor-toggle-icon-opened e-font-icon-svg e-fas-chevron-up\" viewbox=\"0 0 448 512\" xmlns=\"http:\/\/www.w3.org\/2000\/svg\"><path d=\"M240.971 130.524l194.343 194.343c9.373 9.373 9.373 24.569 0 33.941l-22.667 22.667c-9.357 9.357-24.522 9.375-33.901.04L224 227.495 69.255 381.516c-9.379 9.335-24.544 9.317-33.901-.04l-22.667-22.667c-9.373-9.373-9.373-24.569 0-33.941L207.03 130.525c9.372-9.373 24.568-9.373 33.941-.001z\"><\/path><\/svg><\/span>\n\t\t\t\t\t\t\t\t\t\t\t\t\t<\/span>\n\t\t\t\t\t\t\t\t\t\t\t\t<a class=\"elementor-toggle-title\" tabindex=\"0\">8. Kontaktieren Sie uns<\/a>\n\t\t\t\t\t<\/h2>\n\n\t\t\t\t\t<div id=\"elementor-tab-content-1688\" class=\"elementor-tab-content elementor-clearfix\" data-tab=\"8\" role=\"region\" aria-labelledby=\"elementor-tab-title-1688\"><p>Wenn Sie ein Anliegen oder eine Beschwerde zur Verarbeitung Ihrer personenbezogenen Daten haben, kontaktieren Sie uns bitte unter der E-Mail-Adresse <a href=\"mailto:info@aptec.international\">info@aptec.international<\/a>\u00a0oder schreiben Sie uns an die Adresse **Aptec production s.r.o., U Sladovny 425, 671 25 Hodonice**.<\/p><p>Wir beantworten Ihre Antr\u00e4ge, Anfragen oder Beschwerden ohne unn\u00f6tige Verz\u00f6gerung, sp\u00e4testens jedoch innerhalb von 30 Tagen nach ihrem Eingang. Sollten wir aufgrund der Komplexit\u00e4t Ihres Antrags oder wegen einer gro\u00dfen Anzahl weiterer Antr\u00e4ge nicht in der Lage sein, die Bearbeitung innerhalb dieser Frist abzuschlie\u00dfen, informieren wir Sie rechtzeitig \u00fcber die Verl\u00e4ngerung dieser Frist.<\/p><p>Wir gew\u00e4hrleisten Ihnen die M\u00f6glichkeit, s\u00e4mtliche Rechte geltend zu machen, die Ihnen aus der Verordnung (EU) 2016\/679 (DSGVO) sowie aus dem Gesetz Nr. 110\/2019 Slg. \u00fcber die Verarbeitung personenbezogener Daten zustehen.<\/p><\/div>\n\t\t\t\t<\/div>\n\t\t\t\t\t\t\t<div class=\"elementor-toggle-item\">\n\t\t\t\t\t<h2 id=\"elementor-tab-title-1689\" class=\"elementor-tab-title\" data-tab=\"9\" role=\"button\" aria-controls=\"elementor-tab-content-1689\" aria-expanded=\"false\">\n\t\t\t\t\t\t\t\t\t\t\t\t<span class=\"elementor-toggle-icon elementor-toggle-icon-right\" aria-hidden=\"true\">\n\t\t\t\t\t\t\t\t\t\t\t\t\t\t\t<span class=\"elementor-toggle-icon-closed\"><svg class=\"e-font-icon-svg e-fas-arrow-right\" viewbox=\"0 0 448 512\" xmlns=\"http:\/\/www.w3.org\/2000\/svg\"><path d=\"M190.5 66.9l22.2-22.2c9.4-9.4 24.6-9.4 33.9 0L441 239c9.4 9.4 9.4 24.6 0 33.9L246.6 467.3c-9.4 9.4-24.6 9.4-33.9 0l-22.2-22.2c-9.5-9.5-9.3-25 .4-34.3L311.4 296H24c-13.3 0-24-10.7-24-24v-32c0-13.3 10.7-24 24-24h287.4L190.9 101.2c-9.8-9.3-10-24.8-.4-34.3z\"><\/path><\/svg><\/span>\n\t\t\t\t\t\t\t\t<span class=\"elementor-toggle-icon-opened\"><svg class=\"elementor-toggle-icon-opened e-font-icon-svg e-fas-chevron-up\" viewbox=\"0 0 448 512\" xmlns=\"http:\/\/www.w3.org\/2000\/svg\"><path d=\"M240.971 130.524l194.343 194.343c9.373 9.373 9.373 24.569 0 33.941l-22.667 22.667c-9.357 9.357-24.522 9.375-33.901.04L224 227.495 69.255 381.516c-9.379 9.335-24.544 9.317-33.901-.04l-22.667-22.667c-9.373-9.373-9.373-24.569 0-33.941L207.03 130.525c9.372-9.373 24.568-9.373 33.941-.001z\"><\/path><\/svg><\/span>\n\t\t\t\t\t\t\t\t\t\t\t\t\t<\/span>\n\t\t\t\t\t\t\t\t\t\t\t\t<a class=\"elementor-toggle-title\" tabindex=\"0\">9. Begriffsbestimmungen (Glossar)<\/a>\n\t\t\t\t\t<\/h2>\n\n\t\t\t\t\t<div id=\"elementor-tab-content-1689\" class=\"elementor-tab-content elementor-clearfix\" data-tab=\"9\" role=\"region\" aria-labelledby=\"elementor-tab-title-1689\"><p><strong>Datenschutz-Grundverordnung (DSGVO)<br \/><\/strong>Verordnung (EU) 2016\/679 des Europ\u00e4ischen Parlaments und des Rates vom 27. April 2016 zum Schutz nat\u00fcrlicher Personen bei der Verarbeitung personenbezogener Daten, zum freien Datenverkehr und zur Aufhebung der Richtlinie 95\/46\/EG (*Datenschutz-Grundverordnung*).<\/p><p><strong>Personenbezogenes Datum<\/strong><br \/>Jegliche Information, die sich auf eine identifizierte oder identifizierbare nat\u00fcrliche Person (die sog. betroffene Person) bezieht. Als personenbezogene Daten gelten beispielsweise Vorname, Nachname, E-Mail-Adresse, Telefonnummer, IP-Adresse, Identifikationsnummer, Standortdaten sowie Bildaufzeichnungen, die durch ein Kamerasystem erstellt werden.<\/p><p><strong>Betroffene Person (Datensubjekt)<\/strong><br \/>Eine nat\u00fcrliche Person, auf die sich personenbezogene Daten beziehen also eine Person, deren Daten von der Aptec production s.r.o. verarbeitet werden (z. B. Kunde, Lieferant, Bewerber oder Website-Besucher).<\/p><p><strong>Verantwortlicher (f\u00fcr personenbezogene Daten)<\/strong><br \/>Die Stelle, die \u00fcber die Zwecke und Mittel der Verarbeitung personenbezogener Daten entscheidet.<\/p><p><strong>Zpracovatel osobn\u00edch \u00fadaj\u016f<\/strong><br \/>Eine nat\u00fcrliche oder juristische Person, die personenbezogene Daten im Auftrag des Verantwortlichen und nach dessen Weisungen verarbeitet (z. B. IT-Dienstleister, Buchhaltungsb\u00fcro oder externer Servicetechniker).<\/p><p><strong>Zpracov\u00e1n\u00ed osobn\u00edch \u00fadaj\u016f<\/strong><br \/>Jede Vorgang oder jede Reihe von Vorg\u00e4ngen im Zusammenhang mit personenbezogenen Daten automatisiert oder manuell. Dazu z\u00e4hlen insbesondere das Erheben, Erfassen, Speichern, Anpassen\/\u00c4ndern, Offenlegen\/Zug\u00e4nglichmachen, \u00dcbermitteln, L\u00f6schen oder Vernichten personenbezogener Daten.<\/p><p><strong>Souhlas se zpracov\u00e1n\u00edm osobn\u00edch \u00fadaj\u016f<\/strong><br \/>Eine freiwillige, spezifische, informierte und unmissverst\u00e4ndliche Willensbekundung der betroffenen Person, mit der sie dem Verantwortlichen die Verarbeitung ihrer personenbezogenen Daten f\u00fcr einen bestimmten Zweck erlaubt. Die Einwilligung kann jederzeit widerrufen werden.<\/p><p><strong>Opr\u00e1vn\u011bn\u00fd z\u00e1jem spr\u00e1vce<\/strong><br \/>Ein legitimer Grund, auf dessen Grundlage der Verantwortliche personenbezogene Daten auch ohne Einwilligung der betroffenen Person verarbeiten darf. Beispiele: Schutz von Eigentum, Sicherheit des Betriebs, Durchsetzung von Forderungen oder Direktmarketing gegen\u00fcber bestehenden Kunden (Art. 6 Abs. 1 lit. f DSGVO).<\/p><p><strong>Vertragserf\u00fcllung<\/strong><br \/>Verarbeitung personenbezogener Daten, die f\u00fcr den Abschluss, die Erf\u00fcllung oder die Verwaltung eines Vertrages mit einem Kunden, Lieferanten oder Gesch\u00e4ftspartner** erforderlich ist.<\/p><p><strong>Gesetzliche Verpflichtung<\/strong><br \/>Pflicht des Verantwortlichen, personenbezogene Daten in dem vom Gesetz geforderten Umfang zu verarbeiten \u2013 z. B. F\u00fchrung der Buchhaltung, Aufbewahrung von Belegen oder Erf\u00fcllung von Pflichten gegen\u00fcber Beh\u00f6rden (Rechtsgrundlage: Art. 6 Abs. 1 lit. c DSGVO).<\/p><p><strong>Empf\u00e4nger personenbezogener Daten<\/strong><br \/>Jede Stelle, der personenbezogene Daten offengelegt werden unabh\u00e4ngig davon, ob es sich um einen Dritten, eine Beh\u00f6rde oder einen Auftragsverarbeiter handelt.<\/p><p><strong>Dritter<\/strong><br \/>Eine nat\u00fcrliche oder juristische Person, die weder Verantwortlicher noch Auftragsverarbeiter ist und keine unmittelbare Beziehung zur betroffenen Person hat.<\/p><p><strong>\u00dcbermittlung personenbezogener Daten in ein Drittland<\/strong><br \/>Jegliche \u00dcbermittlung personenbezogener Daten au\u00dferhalb der EU bzw. des EWR. Eine solche \u00dcbermittlung ist nur zul\u00e4ssig, wenn im betreffenden Land ein angemessenes Datenschutzniveau gew\u00e4hrleistet ist (Art. 45 DSGVO) oder Standardvertragsklauseln der Europ\u00e4ischen Kommission bzw. andere geeignete Garantien nach Art. 46 DSGVO verwendet werden (z. B. bei der Nutzung von Google-Diensten).<\/p><p><strong>Cookies<\/strong><br \/>Kleine Datendateien, die beim Besuch einer Website auf dem Endger\u00e4t des Nutzers gespeichert werden. Sie dienen der Funktionsf\u00e4higkeit der Website, der Messung von Besucherzahlen, der Personalisierung von Inhalten oder von Werbung. \u00dcber die Verwendung von Cookies wird der Nutzer informiert und kann seine Einwilligung erteilen oder widerrufen.<\/p><p><strong>Aufsichtsbeh\u00f6rde<\/strong><br \/>Beh\u00f6rde der \u00f6ffentlichen Gewalt, die die Einhaltung der Datenschutzvorschriften \u00fcberwacht. In der Tschechischen Republik ist dies der \u00da\u0159ad pro ochranu osobn\u00edch \u00fadaj\u016f (\u00daOO\u00da) mit Sitz  Pplk. Sochora 27, 170 00 Praha 7.<\/p><\/div>\n\t\t\t\t<\/div>\n\t\t\t\t\t\t\t\t<\/div>\n\t\t\t\t\t\t<\/div>\n\t\t\t\t<\/div>\n\t\t\t\t\t<\/div>\n\t\t\t\t<\/section>\n\t\t\t\t<\/div>","protected":false},"excerpt":{"rendered":"<p>Informace o zpracov\u00e1n\u00ed osobn\u00edch \u00fadaj\u016f 1. Spr\u00e1vce osobn\u00edch \u00fadaj\u016f Spr\u00e1vce osobn\u00edch \u00fadaj\u016f si v\u00e1s t\u00edmto dokumentem dovoluje informovat o z\u00e1sad\u00e1ch [&hellip;]<\/p>\n","protected":false},"author":1,"featured_media":0,"parent":0,"menu_order":101,"comment_status":"closed","ping_status":"closed","template":"elementor_header_footer","meta":{"site-sidebar-layout":"no-sidebar","site-content-layout":"page-builder","ast-site-content-layout":"full-width-container","site-content-style":"unboxed","site-sidebar-style":"unboxed","ast-global-header-display":"","ast-banner-title-visibility":"","ast-main-header-display":"","ast-hfb-above-header-display":"","ast-hfb-below-header-display":"","ast-hfb-mobile-header-display":"","site-post-title":"disabled","ast-breadcrumbs-content":"","ast-featured-img":"disabled","footer-sml-layout":"","theme-transparent-header-meta":"default","adv-header-id-meta":"","stick-header-meta":"","header-above-stick-meta":"","header-main-stick-meta":"","header-below-stick-meta":"","astra-migrate-meta-layouts":"set","ast-page-background-enabled":"default","ast-page-background-meta":{"desktop":{"background-color":"var(--ast-global-color-4)","background-image":"","background-repeat":"repeat","background-position":"center center","background-size":"auto","background-attachment":"scroll","background-type":"","background-media":"","overlay-type":"","overlay-color":"","overlay-opacity":"","overlay-gradient":""},"tablet":{"background-color":"","background-image":"","background-repeat":"repeat","background-position":"center center","background-size":"auto","background-attachment":"scroll","background-type":"","background-media":"","overlay-type":"","overlay-color":"","overlay-opacity":"","overlay-gradient":""},"mobile":{"background-color":"","background-image":"","background-repeat":"repeat","background-position":"center center","background-size":"auto","background-attachment":"scroll","background-type":"","background-media":"","overlay-type":"","overlay-color":"","overlay-opacity":"","overlay-gradient":""}},"ast-content-background-meta":{"desktop":{"background-color":"var(--ast-global-color-5)","background-image":"","background-repeat":"repeat","background-position":"center center","background-size":"auto","background-attachment":"scroll","background-type":"","background-media":"","overlay-type":"","overlay-color":"","overlay-opacity":"","overlay-gradient":""},"tablet":{"background-color":"var(--ast-global-color-5)","background-image":"","background-repeat":"repeat","background-position":"center center","background-size":"auto","background-attachment":"scroll","background-type":"","background-media":"","overlay-type":"","overlay-color":"","overlay-opacity":"","overlay-gradient":""},"mobile":{"background-color":"var(--ast-global-color-5)","background-image":"","background-repeat":"repeat","background-position":"center center","background-size":"auto","background-attachment":"scroll","background-type":"","background-media":"","overlay-type":"","overlay-color":"","overlay-opacity":"","overlay-gradient":""}},"footnotes":""},"class_list":["post-215","page","type-page","status-publish","hentry"],"yoast_head":"<!-- This site is optimized with the Yoast SEO plugin v27.4 - https:\/\/yoast.com\/product\/yoast-seo-wordpress\/ -->\n<title>Ochrana osobn\u00edch \u00fadaj\u016f | Aptec production<\/title>\n<meta name=\"description\" content=\"Z\u00e1sady ochrany osobn\u00edch \u00fadaj\u016f spole\u010dnosti Aptec production. P\u0159ehled zpracov\u00e1n\u00ed, \u00fa\u010del\u016f, pr\u00e1v subjekt\u016f a doby uchov\u00e1n\u00ed \u00fadaj\u016f.\" \/>\n<meta name=\"robots\" content=\"noindex, follow\" \/>\n<meta property=\"og:locale\" content=\"de_DE\" \/>\n<meta property=\"og:type\" content=\"article\" \/>\n<meta property=\"og:title\" content=\"Ochrana osobn\u00edch \u00fadaj\u016f | Aptec production\" \/>\n<meta property=\"og:description\" content=\"Z\u00e1sady ochrany osobn\u00edch \u00fadaj\u016f spole\u010dnosti Aptec production. P\u0159ehled zpracov\u00e1n\u00ed, \u00fa\u010del\u016f, pr\u00e1v subjekt\u016f a doby uchov\u00e1n\u00ed \u00fadaj\u016f.\" \/>\n<meta property=\"og:url\" content=\"https:\/\/aptec.international\/de\/datenschutz\/\" \/>\n<meta property=\"og:site_name\" content=\"Aptec production\" \/>\n<meta property=\"article:publisher\" content=\"https:\/\/www.facebook.com\/aptecproduction\" \/>\n<meta property=\"article:modified_time\" content=\"2026-03-26T08:03:10+00:00\" \/>\n<meta property=\"og:image\" content=\"https:\/\/aptec.international\/wp-content\/uploads\/2025\/02\/thumbnail_aptec_logo_300dpi.jpg\" \/>\n\t<meta property=\"og:image:width\" content=\"1920\" \/>\n\t<meta property=\"og:image:height\" content=\"1185\" \/>\n\t<meta property=\"og:image:type\" content=\"image\/jpeg\" \/>\n<meta name=\"twitter:card\" content=\"summary_large_image\" \/>\n<meta name=\"twitter:title\" content=\"Ochrana osobn\u00edch \u00fadaj\u016f | Aptec production\" \/>\n<meta name=\"twitter:description\" content=\"Z\u00e1sady ochrany osobn\u00edch \u00fadaj\u016f spole\u010dnosti Aptec production. P\u0159ehled zpracov\u00e1n\u00ed, \u00fa\u010del\u016f, pr\u00e1v subjekt\u016f a doby uchov\u00e1n\u00ed \u00fadaj\u016f.\" \/>\n<meta name=\"twitter:image\" content=\"https:\/\/aptec.international\/wp-content\/uploads\/2025\/02\/thumbnail_aptec_logo_300dpi.jpg\" \/>\n<meta name=\"twitter:label1\" content=\"Gesch\u00e4tzte Lesezeit\" \/>\n\t<meta name=\"twitter:data1\" content=\"11\u00a0Minuten\" \/>\n<script type=\"application\/ld+json\" class=\"yoast-schema-graph\">{\"@context\":\"https:\\\/\\\/schema.org\",\"@graph\":[{\"@type\":\"WebPage\",\"@id\":\"https:\\\/\\\/aptec.international\\\/ochrana-osobnich-udaju\\\/\",\"url\":\"https:\\\/\\\/aptec.international\\\/ochrana-osobnich-udaju\\\/\",\"name\":\"Ochrana osobn\u00edch \u00fadaj\u016f | Aptec production\",\"isPartOf\":{\"@id\":\"https:\\\/\\\/aptec.international\\\/#website\"},\"datePublished\":\"2019-11-21T10:22:05+00:00\",\"dateModified\":\"2026-03-26T08:03:10+00:00\",\"description\":\"Z\u00e1sady ochrany osobn\u00edch \u00fadaj\u016f spole\u010dnosti Aptec production. P\u0159ehled zpracov\u00e1n\u00ed, \u00fa\u010del\u016f, pr\u00e1v subjekt\u016f a doby uchov\u00e1n\u00ed \u00fadaj\u016f.\",\"breadcrumb\":{\"@id\":\"https:\\\/\\\/aptec.international\\\/ochrana-osobnich-udaju\\\/#breadcrumb\"},\"inLanguage\":\"de\",\"potentialAction\":[{\"@type\":\"ReadAction\",\"target\":[\"https:\\\/\\\/aptec.international\\\/ochrana-osobnich-udaju\\\/\"]}]},{\"@type\":\"BreadcrumbList\",\"@id\":\"https:\\\/\\\/aptec.international\\\/ochrana-osobnich-udaju\\\/#breadcrumb\",\"itemListElement\":[{\"@type\":\"ListItem\",\"position\":1,\"name\":\"Dom\u016f\",\"item\":\"https:\\\/\\\/aptec.international\\\/\"},{\"@type\":\"ListItem\",\"position\":2,\"name\":\"Ochrana osobn\u00edch \u00fadaj\u016f\"}]},{\"@type\":\"WebSite\",\"@id\":\"https:\\\/\\\/aptec.international\\\/#website\",\"url\":\"https:\\\/\\\/aptec.international\\\/\",\"name\":\"Aptec production s.r.o.\",\"description\":\"Specialista na CNC obr\u00e1b\u011bn\u00ed a tepeln\u00e9 v\u00fdm\u011bn\u00edky\",\"publisher\":{\"@id\":\"https:\\\/\\\/aptec.international\\\/#organization\"},\"potentialAction\":[{\"@type\":\"SearchAction\",\"target\":{\"@type\":\"EntryPoint\",\"urlTemplate\":\"https:\\\/\\\/aptec.international\\\/?s={search_term_string}\"},\"query-input\":{\"@type\":\"PropertyValueSpecification\",\"valueRequired\":true,\"valueName\":\"search_term_string\"}}],\"inLanguage\":\"de\"},{\"@type\":\"Organization\",\"@id\":\"https:\\\/\\\/aptec.international\\\/#organization\",\"name\":\"Aptec production s.r.o.\",\"url\":\"https:\\\/\\\/aptec.international\\\/\",\"logo\":{\"@type\":\"ImageObject\",\"inLanguage\":\"de\",\"@id\":\"https:\\\/\\\/aptec.international\\\/#\\\/schema\\\/logo\\\/image\\\/\",\"url\":\"https:\\\/\\\/aptec.international\\\/wp-content\\\/uploads\\\/2025\\\/10\\\/cropped-logo-aptec-production-cnc-vyroba-vymeniky-e1759483301565.png\",\"contentUrl\":\"https:\\\/\\\/aptec.international\\\/wp-content\\\/uploads\\\/2025\\\/10\\\/cropped-logo-aptec-production-cnc-vyroba-vymeniky-e1759483301565.png\",\"width\":1004,\"height\":482,\"caption\":\"Aptec production s.r.o.\"},\"image\":{\"@id\":\"https:\\\/\\\/aptec.international\\\/#\\\/schema\\\/logo\\\/image\\\/\"},\"sameAs\":[\"https:\\\/\\\/www.facebook.com\\\/aptecproduction\",\"https:\\\/\\\/www.instagram.com\\\/aptec_production\\\/\",\"https:\\\/\\\/www.linkedin.com\\\/company\\\/aptec-production-s-r-o\"]}]}<\/script>\n<!-- \/ Yoast SEO plugin. -->","yoast_head_json":{"title":"Datenschutz | Aptec production","description":"\u00dcberblick \u00fcber die Datenverarbeitung, Verarbeitungszwecke, die Rechte der betroffenen Personen und die Speicherdauer der Daten.","robots":{"index":"noindex","follow":"follow"},"og_locale":"de_DE","og_type":"article","og_title":"Ochrana osobn\u00edch \u00fadaj\u016f | Aptec production","og_description":"Z\u00e1sady ochrany osobn\u00edch \u00fadaj\u016f spole\u010dnosti Aptec production. P\u0159ehled zpracov\u00e1n\u00ed, \u00fa\u010del\u016f, pr\u00e1v subjekt\u016f a doby uchov\u00e1n\u00ed \u00fadaj\u016f.","og_url":"https:\/\/aptec.international\/de\/datenschutz\/","og_site_name":"Aptec production","article_publisher":"https:\/\/www.facebook.com\/aptecproduction","article_modified_time":"2026-03-26T08:03:10+00:00","og_image":[{"width":1920,"height":1185,"url":"https:\/\/aptec.international\/wp-content\/uploads\/2025\/02\/thumbnail_aptec_logo_300dpi.jpg","type":"image\/jpeg"}],"twitter_card":"summary_large_image","twitter_title":"Ochrana osobn\u00edch \u00fadaj\u016f | Aptec production","twitter_description":"Z\u00e1sady ochrany osobn\u00edch \u00fadaj\u016f spole\u010dnosti Aptec production. P\u0159ehled zpracov\u00e1n\u00ed, \u00fa\u010del\u016f, pr\u00e1v subjekt\u016f a doby uchov\u00e1n\u00ed \u00fadaj\u016f.","twitter_image":"https:\/\/aptec.international\/wp-content\/uploads\/2025\/02\/thumbnail_aptec_logo_300dpi.jpg","twitter_misc":{"Gesch\u00e4tzte Lesezeit":"11\u00a0Minuten"},"schema":{"@context":"https:\/\/schema.org","@graph":[{"@type":"WebPage","@id":"https:\/\/aptec.international\/ochrana-osobnich-udaju\/","url":"https:\/\/aptec.international\/ochrana-osobnich-udaju\/","name":"Datenschutz | Aptec production","isPartOf":{"@id":"https:\/\/aptec.international\/#website"},"datePublished":"2019-11-21T10:22:05+00:00","dateModified":"2026-03-26T08:03:10+00:00","description":"\u00dcberblick \u00fcber die Datenverarbeitung, Verarbeitungszwecke, die Rechte der betroffenen Personen und die Speicherdauer der Daten.","breadcrumb":{"@id":"https:\/\/aptec.international\/ochrana-osobnich-udaju\/#breadcrumb"},"inLanguage":"de","potentialAction":[{"@type":"ReadAction","target":["https:\/\/aptec.international\/ochrana-osobnich-udaju\/"]}]},{"@type":"BreadcrumbList","@id":"https:\/\/aptec.international\/ochrana-osobnich-udaju\/#breadcrumb","itemListElement":[{"@type":"ListItem","position":1,"name":"Dom\u016f","item":"https:\/\/aptec.international\/"},{"@type":"ListItem","position":2,"name":"Ochrana osobn\u00edch \u00fadaj\u016f"}]},{"@type":"WebSite","@id":"https:\/\/aptec.international\/#website","url":"https:\/\/aptec.international\/","name":"Aptec production s.r.o.","description":"Specialista na CNC obr\u00e1b\u011bn\u00ed a tepeln\u00e9 v\u00fdm\u011bn\u00edky","publisher":{"@id":"https:\/\/aptec.international\/#organization"},"potentialAction":[{"@type":"SearchAction","target":{"@type":"EntryPoint","urlTemplate":"https:\/\/aptec.international\/?s={search_term_string}"},"query-input":{"@type":"PropertyValueSpecification","valueRequired":true,"valueName":"search_term_string"}}],"inLanguage":"de"},{"@type":"Organization","@id":"https:\/\/aptec.international\/#organization","name":"Aptec production s.r.o.","url":"https:\/\/aptec.international\/","logo":{"@type":"ImageObject","inLanguage":"de","@id":"https:\/\/aptec.international\/#\/schema\/logo\/image\/","url":"https:\/\/aptec.international\/wp-content\/uploads\/2025\/10\/cropped-logo-aptec-production-cnc-vyroba-vymeniky-e1759483301565.png","contentUrl":"https:\/\/aptec.international\/wp-content\/uploads\/2025\/10\/cropped-logo-aptec-production-cnc-vyroba-vymeniky-e1759483301565.png","width":1004,"height":482,"caption":"Aptec production s.r.o."},"image":{"@id":"https:\/\/aptec.international\/#\/schema\/logo\/image\/"},"sameAs":["https:\/\/www.facebook.com\/aptecproduction","https:\/\/www.instagram.com\/aptec_production\/","https:\/\/www.linkedin.com\/company\/aptec-production-s-r-o"]}]}},"_links":{"self":[{"href":"https:\/\/aptec.international\/de\/wp-json\/wp\/v2\/pages\/215","targetHints":{"allow":["GET"]}}],"collection":[{"href":"https:\/\/aptec.international\/de\/wp-json\/wp\/v2\/pages"}],"about":[{"href":"https:\/\/aptec.international\/de\/wp-json\/wp\/v2\/types\/page"}],"author":[{"embeddable":true,"href":"https:\/\/aptec.international\/de\/wp-json\/wp\/v2\/users\/1"}],"replies":[{"embeddable":true,"href":"https:\/\/aptec.international\/de\/wp-json\/wp\/v2\/comments?post=215"}],"version-history":[{"count":102,"href":"https:\/\/aptec.international\/de\/wp-json\/wp\/v2\/pages\/215\/revisions"}],"predecessor-version":[{"id":19566,"href":"https:\/\/aptec.international\/de\/wp-json\/wp\/v2\/pages\/215\/revisions\/19566"}],"wp:attachment":[{"href":"https:\/\/aptec.international\/de\/wp-json\/wp\/v2\/media?parent=215"}],"curies":[{"name":"wp","href":"https:\/\/api.w.org\/{rel}","templated":true}]}}